{"id":95,"date":"2024-07-17T14:26:28","date_gmt":"2024-07-17T12:26:28","guid":{"rendered":"https:\/\/hotelstabarbara.com\/?page_id=95"},"modified":"2026-04-25T21:27:29","modified_gmt":"2026-04-25T19:27:29","slug":"entorno-hotel-santa-barbara","status":"publish","type":"page","link":"https:\/\/hotelstabarbara.com\/fr\/entorno-hotel-santa-barbara\/","title":{"rendered":"Les environs de l&#8217;h\u00f4tel Santa B\u00e1rbara"},"content":{"rendered":"\t\t<div data-elementor-type=\"wp-page\" data-elementor-id=\"95\" class=\"elementor elementor-95\" data-elementor-post-type=\"page\">\n\t\t\t\t<div class=\"elementor-element elementor-element-cc91652 e-flex e-con-boxed e-con e-parent\" data-id=\"cc91652\" data-element_type=\"container\" data-e-type=\"container\" data-settings=\"{&quot;background_background&quot;:&quot;classic&quot;}\">\n\t\t\t\t\t<div class=\"e-con-inner\">\n\t\t\t\t<div class=\"elementor-element elementor-element-66b01b7 elementor-widget elementor-widget-heading\" data-id=\"66b01b7\" data-element_type=\"widget\" data-e-type=\"widget\" data-widget_type=\"heading.default\">\n\t\t\t\t<div class=\"elementor-widget-container\">\n\t\t\t\t\t<span class=\"elementor-heading-title elementor-size-default\">Nuestro<span class=\"av-font-black-white\"> maravilloso<\/span> entorno <br>Hotel Santa B\u00e1rbara<\/span>\t\t\t\t<\/div>\n\t\t\t\t<\/div>\n\t\t<div class=\"elementor-element elementor-element-e8d083b e-con-full e-flex e-con e-child\" data-id=\"e8d083b\" data-element_type=\"container\" data-e-type=\"container\" data-settings=\"{&quot;background_background&quot;:&quot;classic&quot;}\">\n\t\t\t\t<div class=\"elementor-element elementor-element-bd4b61b elementor-widget elementor-widget-shortcode\" data-id=\"bd4b61b\" data-element_type=\"widget\" data-e-type=\"widget\" data-widget_type=\"shortcode.default\">\n\t\t\t\t<div class=\"elementor-widget-container\">\n\t\t\t\t\t\t\t<div class=\"elementor-shortcode\">        <link href=\"https:\/\/fonts.googleapis.com\/css2?family=Roboto:ital,wght@0,100;0,200;0,300;0,400;0,500;0,600;0,700;0,800;0,900;1,100;1,200;1,300;1,400;1,500;1,600;1,700;1,800;1,900&display=swap\" rel=\"stylesheet\">\r\n<style>\r\n    .avc-calendar.avc-calendar-4 {\r\n        background-color: rgba(226.99, 236.01, 247.02, 0);\r\n        border-width: 0px;\r\n        border-color: rgba(255, 255, 255, 1);\r\n        border-radius: 4px;\r\n        column-gap: 16px;\r\n        row-gap: 16px;\r\n        font-family: \"Roboto\";\r\n    }\r\n\r\n    \r\n    .avc-calendar.avc-calendar-4>.avc-input {\r\n        background-color: rgba(255, 255, 255, 0);\r\n        border-width: 0px;\r\n        border-color: rgba(255, 255, 255, 1);\r\n        border-radius: 0px;\r\n        color: rgba(255, 255, 255, 1);\r\n        font-size: 14px;\r\n        padding-top: 8px;\r\n        padding-bottom: 8px;\r\n    }\r\n    \r\n    .avc-calendar.avc-calendar-4>.avc-input>i {\r\n        color: rgba(255, 255, 255, 1);\r\n    }\r\n\r\n    .avc-calendar.avc-calendar-4>.avc-input>input {\r\n        font-size: 14px;\r\n    }\r\n\r\n    \/* Separated because of this: https:\/\/stackoverflow.com\/a\/39155868 *\/\r\n    .avc-calendar.avc-calendar-4input::placeholder {\r\n        color: inherit;\r\n        font-size: inherit;\r\n    }\r\n\r\n    .avc-calendar.avc-calendar-4input::-moz-placeholder {\r\n        color: inherit;\r\n        font-size: inherit;\r\n    }\r\n\r\n    .avc-calendar.avc-calendar-4input::-webkit-input-placeholder {\r\n        color: inherit;\r\n        font-size: inherit;\r\n    }\r\n\r\n    .avc-calendar.avc-calendar-4input:-ms-input-placeholder {\r\n        color: inherit;\r\n        font-size: inherit;\r\n    }\r\n\r\n    .avc-calendar.avc-calendar-4input::-ms-input-placeholder {\r\n        color: inherit;\r\n        font-size: inherit;\r\n    }\r\n\r\n    .avc-calendar.avc-calendar-4>.avc-button {\r\n        background-color: rgba(72, 77, 47, 1);\r\n        border-width: 0px;\r\n        border-color: rgba(255, 255, 255, 1);\r\n        border-radius: 0px;\r\n        color: rgba(255,255,255,1);\r\n        font-size: 14px;\r\n        padding-top: 8px;\r\n        padding-bottom: 8px;\r\n    }\r\n\r\n    .avc-calendar.avc-calendar-4:not(.avc-calendar-v)>.avc-button {\r\n        width: 15%;\r\n    }\r\n\r\n    .avc-calendar.avc-calendar-4>.avc-button:hover {\r\n        background-color: rgba(81,86,57,1);\r\n    }\r\n\r\n    .avc-datepicker.avc-datepicker-4.ui-state-highlight {\r\n        border: 1px solid rgba(72, 77, 47, 1);\r\n        color: rgba(72, 77, 47, 1);\r\n    }\r\n\r\n    .avc-datepicker.avc-datepicker-4.ui-state-highlight:not(.ui-state-active):hover {\r\n        background-color: rgba(228,228,224,1);\r\n    }\r\n\r\n    .avc-datepicker.avc-datepicker-4.ui-datepicker table>tbody>tr>td>a.ui-state-active.ui-state-default {\r\n        border: 1px solid rgba(72, 77, 47, 1) !important;\r\n        background-color: rgba(72, 77, 47, 1) !important;\r\n        color: rgba(255,255,255,1) !important;\r\n    }\r\n<\/style>        \r\n<div class=\"avc-calendar avc-calendar-4 \" data-id=\"4\" id=\"avc-4\" data-categories=\"[]\" data-lang=\"es\" data-globalredirect=\"false\" data-globalredirectId=\"0\" >\r\n    <select\r\n        class=\"avc-input avc-establishment avc-establishment-4 \" style=\"display: none;\"\r\n        data-single=\"1\"\r\n        data-default-webcode=\"89740846\"\r\n    >\r\n        <option value=\"\">Establecimientos<\/option>\r\n                <option value=\"89740846\" data-id=\"8\">\r\n            Hotel Santa B\u00e1rbara        <\/option>\r\n            <\/select>\r\n        <label class=\"avc-input\">\r\n                    <i class=\"material-icons\">calendar_today<\/i>\r\n                <input type=\"text\" class=\"avc-arrival\" placeholder=\"Llegada\" readonly data-id=\"4\">\r\n    <\/label>\r\n    <label class=\"avc-input\">\r\n                    <i class=\"material-icons\">calendar_today<\/i>\r\n                <input type=\"text\" class=\"avc-departure\" placeholder=\"Salida\" readonly data-id=\"4\">\r\n    <\/label>\r\n    <label class=\"avc-input\" style=\"display: none;\">\r\n        <input type=\"text\" class=\"avc-promotion\" placeholder=\"C\u00f3digo promocional\" value=\"\">\r\n    <\/label>\r\n    <button class=\"avc-button\" onclick=\"go_to_bengine(4)\" >Reservar<\/button>\r\n    <input type=\"hidden\" id=\"avinput_redirect\" value=\"false\" data-pageRedirURL=\"https:\/\/hotelstabarbara.com\/fr\/entorno-hotel-santa-barbara\/\">\r\n    <input type=\"hidden\" id=\"avinput_san\" value=\"false\">\r\n    <input type=\"hidden\" id=\"avinput_zones\" value=\"false\">\r\n<\/div><\/div>\n\t\t\t\t\t\t<\/div>\n\t\t\t\t<\/div>\n\t\t\t\t<\/div>\n\t\t\t\t\t<\/div>\n\t\t\t\t<\/div>\n\t\t<div class=\"elementor-element elementor-element-11294d5 e-flex e-con-boxed e-con e-parent\" data-id=\"11294d5\" data-element_type=\"container\" data-e-type=\"container\">\n\t\t\t\t\t<div class=\"e-con-inner\">\n\t\t\t\t<div class=\"elementor-element elementor-element-5e66d4b elementor-widget__width-initial elementor-widget elementor-widget-text-editor\" data-id=\"5e66d4b\" data-element_type=\"widget\" data-e-type=\"widget\" data-widget_type=\"text-editor.default\">\n\t\t\t\t<div class=\"elementor-widget-container\">\n\t\t\t\t\t\t\t\t\t<p>Andorra, un peque\u00f1o para\u00edso enclavado en los Pirineos, combina impresionantes paisajes monta\u00f1osos con una rica oferta cultural y de ocio. Este destino \u00fanico es conocido por sus majestuosos valles, r\u00edos cristalinos y estaciones de esqu\u00ed de renombre mundial. En la parroquia de Ordino, podr\u00e1s descubrir pintorescos pueblos como Ansalonga, Arans, El Serrat, La Cortinada, Llorts, Segudet, Sorn\u00e0s y la capital, Ordino, rodeados de naturaleza y encanto. Con actividades como senderismo, ciclismo y deportes de invierno, junto a su herencia hist\u00f3rica y vibrante vida comercial, Andorra es perfecta para disfrutar de aventuras y relax.<\/p>\t\t\t\t\t\t\t\t<\/div>\n\t\t\t\t<\/div>\n\t\t\t\t\t<\/div>\n\t\t\t\t<\/div>\n\t\t<div class=\"elementor-element elementor-element-dbd5609 e-flex e-con-boxed e-con e-parent\" data-id=\"dbd5609\" data-element_type=\"container\" data-e-type=\"container\">\n\t\t\t\t\t<div class=\"e-con-inner\">\n\t\t\t\t<div class=\"elementor-element elementor-element-ee447c2 elementor-widget elementor-widget-heading\" data-id=\"ee447c2\" data-element_type=\"widget\" data-e-type=\"widget\" data-widget_type=\"heading.default\">\n\t\t\t\t<div class=\"elementor-widget-container\">\n\t\t\t\t\t<h2 class=\"elementor-heading-title elementor-size-default\">Qu\u00e9 ver en Ordino<\/h2>\t\t\t\t<\/div>\n\t\t\t\t<\/div>\n\t\t\t\t<div class=\"elementor-element elementor-element-52f3d07 elementor-widget-divider--view-line elementor-widget elementor-widget-divider\" data-id=\"52f3d07\" data-element_type=\"widget\" data-e-type=\"widget\" data-widget_type=\"divider.default\">\n\t\t\t\t<div class=\"elementor-widget-container\">\n\t\t\t\t\t\t\t<div class=\"elementor-divider\">\n\t\t\t<span class=\"elementor-divider-separator\">\n\t\t\t\t\t\t<\/span>\n\t\t<\/div>\n\t\t\t\t\t\t<\/div>\n\t\t\t\t<\/div>\n\t\t\t\t\t<\/div>\n\t\t\t\t<\/div>\n\t\t<div class=\"elementor-element elementor-element-5b030a6 e-grid e-con-boxed e-con e-parent\" data-id=\"5b030a6\" data-element_type=\"container\" data-e-type=\"container\">\n\t\t\t\t\t<div class=\"e-con-inner\">\n\t\t\t\t<div class=\"elementor-element elementor-element-6701d65 elementor-flip-box--effect-fade elementor-widget elementor-widget-flip-box\" data-id=\"6701d65\" data-element_type=\"widget\" data-e-type=\"widget\" data-widget_type=\"flip-box.default\">\n\t\t\t\t<div class=\"elementor-widget-container\">\n\t\t\t\t\t\t\t<div class=\"elementor-flip-box\" tabindex=\"0\">\n\t\t\t<div class=\"elementor-flip-box__layer elementor-flip-box__front\">\n\t\t\t\t<div class=\"elementor-flip-box__layer__overlay\">\n\t\t\t\t\t<div class=\"elementor-flip-box__layer__inner\">\n\t\t\t\t\t\t\t\t\t\t\t\t\t<div class=\"elementor-icon-wrapper elementor-view-default\">\n\t\t\t\t\t\t\t\t<div class=\"elementor-icon\">\n\t\t\t\t\t\t\t\t\t\t\t\t\t\t\t\t\t<\/div>\n\t\t\t\t\t\t\t<\/div>\n\t\t\t\t\t\t\n\t\t\t\t\t\t\t\t\t\t\t\t\t<h3 class=\"elementor-flip-box__layer__title\">\n\t\t\t\t\t\t\t\tROM\u00c1NICO DE ANDORRA\t\t\t\t\t\t\t<\/h3>\n\t\t\t\t\t\t\n\t\t\t\t\t\t\t\t\t\t\t<\/div>\n\t\t\t\t<\/div>\n\t\t\t<\/div>\n\t\t\t<div class=\"elementor-flip-box__layer elementor-flip-box__back\">\n\t\t\t<div class=\"elementor-flip-box__layer__overlay\">\n\t\t\t\t<div class=\"elementor-flip-box__layer__inner\">\n\t\t\t\t\t\n\t\t\t\t\t\t\t\t\t\t\t<div class=\"elementor-flip-box__layer__description\">\n\t\t\t\t\t\t\tLas iglesias rom\u00e1nicas de Andorra destacan por su belleza y autenticidad. Peque\u00f1as joyas arquitect\u00f3nicas, como Sant Joan de Caselles o Santa Coloma, conectan historia y espiritualidad en un entorno natural \u00fanico.\t\t\t\t\t\t<\/div>\n\t\t\t\t\t\n\t\t\t\t\t\t\t\t<\/div>\n\t\t<\/div>\n\t\t<\/div>\n\t\t<\/div>\n\t\t\t\t\t\t<\/div>\n\t\t\t\t<\/div>\n\t\t\t\t<div class=\"elementor-element elementor-element-4407652 elementor-flip-box--effect-fade elementor-widget elementor-widget-flip-box\" data-id=\"4407652\" data-element_type=\"widget\" data-e-type=\"widget\" data-widget_type=\"flip-box.default\">\n\t\t\t\t<div class=\"elementor-widget-container\">\n\t\t\t\t\t\t\t<div class=\"elementor-flip-box\" tabindex=\"0\">\n\t\t\t<div class=\"elementor-flip-box__layer elementor-flip-box__front\">\n\t\t\t\t<div class=\"elementor-flip-box__layer__overlay\">\n\t\t\t\t\t<div class=\"elementor-flip-box__layer__inner\">\n\t\t\t\t\t\t\n\t\t\t\t\t\t\t\t\t\t\t\t\t<h3 class=\"elementor-flip-box__layer__title\">\n\t\t\t\t\t\t\t\tORDINO ARCAL\u00cdS\t\t\t\t\t\t\t<\/h3>\n\t\t\t\t\t\t\n\t\t\t\t\t\t\t\t\t\t\t<\/div>\n\t\t\t\t<\/div>\n\t\t\t<\/div>\n\t\t\t<div class=\"elementor-flip-box__layer elementor-flip-box__back\">\n\t\t\t<div class=\"elementor-flip-box__layer__overlay\">\n\t\t\t\t<div class=\"elementor-flip-box__layer__inner\">\n\t\t\t\t\t\n\t\t\t\t\t\t\t\t\t\t\t<div class=\"elementor-flip-box__layer__description\">\n\t\t\t\t\t\t\tUbicada en la parte alta del Valle de Ordino y con orientaci\u00f3n norte, esta estaci\u00f3n disfruta de excelentes condiciones de nieve cada invierno, ofreciendo una de las temporadas de esqu\u00ed m\u00e1s extensas y con mayor garant\u00eda de apertura temprana en los Pirineos.\t\t\t\t\t\t<\/div>\n\t\t\t\t\t\n\t\t\t\t\t\t\t\t<\/div>\n\t\t<\/div>\n\t\t<\/div>\n\t\t<\/div>\n\t\t\t\t\t\t<\/div>\n\t\t\t\t<\/div>\n\t\t\t\t<div class=\"elementor-element elementor-element-c6f8428 elementor-flip-box--effect-fade elementor-widget elementor-widget-flip-box\" data-id=\"c6f8428\" data-element_type=\"widget\" data-e-type=\"widget\" data-widget_type=\"flip-box.default\">\n\t\t\t\t<div class=\"elementor-widget-container\">\n\t\t\t\t\t\t\t<div class=\"elementor-flip-box\" tabindex=\"0\">\n\t\t\t<div class=\"elementor-flip-box__layer elementor-flip-box__front\">\n\t\t\t\t<div class=\"elementor-flip-box__layer__overlay\">\n\t\t\t\t\t<div class=\"elementor-flip-box__layer__inner\">\n\t\t\t\t\t\t\n\t\t\t\t\t\t\t\t\t\t\t\t\t<h3 class=\"elementor-flip-box__layer__title\">\n\t\t\t\t\t\t\t\tORDINO \t\t\t\t\t\t\t<\/h3>\n\t\t\t\t\t\t\n\t\t\t\t\t\t\t\t\t\t\t<\/div>\n\t\t\t\t<\/div>\n\t\t\t<\/div>\n\t\t\t<div class=\"elementor-flip-box__layer elementor-flip-box__back\">\n\t\t\t<div class=\"elementor-flip-box__layer__overlay\">\n\t\t\t\t<div class=\"elementor-flip-box__layer__inner\">\n\t\t\t\t\t\n\t\t\t\t\t\t\t\t\t\t\t<div class=\"elementor-flip-box__layer__description\">\n\t\t\t\t\t\t\tEsta parroquia, situada a 1300 metros en el este de Andorra, abarca 90 km\u00b2, un tercio cubierto de bosques. Entre monta\u00f1as pirenaicas destacan sus pintorescos pueblos: Ansalonga, Arans, Ordino y m\u00e1s.\t\t\t\t\t\t<\/div>\n\t\t\t\t\t\n\t\t\t\t\t\t\t\t<\/div>\n\t\t<\/div>\n\t\t<\/div>\n\t\t<\/div>\n\t\t\t\t\t\t<\/div>\n\t\t\t\t<\/div>\n\t\t\t\t<div class=\"elementor-element elementor-element-bda1310 elementor-flip-box--effect-fade elementor-widget elementor-widget-flip-box\" data-id=\"bda1310\" data-element_type=\"widget\" data-e-type=\"widget\" data-widget_type=\"flip-box.default\">\n\t\t\t\t<div class=\"elementor-widget-container\">\n\t\t\t\t\t\t\t<div class=\"elementor-flip-box\" tabindex=\"0\">\n\t\t\t<div class=\"elementor-flip-box__layer elementor-flip-box__front\">\n\t\t\t\t<div class=\"elementor-flip-box__layer__overlay\">\n\t\t\t\t\t<div class=\"elementor-flip-box__layer__inner\">\n\t\t\t\t\t\t\n\t\t\t\t\t\t\t\t\t\t\t\t\t<h3 class=\"elementor-flip-box__layer__title\">\n\t\t\t\t\t\t\t\tMuseo de la miniatura\t\t\t\t\t\t\t<\/h3>\n\t\t\t\t\t\t\n\t\t\t\t\t\t\t\t\t\t\t<\/div>\n\t\t\t\t<\/div>\n\t\t\t<\/div>\n\t\t\t<div class=\"elementor-flip-box__layer elementor-flip-box__back\">\n\t\t\t<div class=\"elementor-flip-box__layer__overlay\">\n\t\t\t\t<div class=\"elementor-flip-box__layer__inner\">\n\t\t\t\t\t\n\t\t\t\t\t\t\t\t\t\t\t<div class=\"elementor-flip-box__layer__description\">\n\t\t\t\t\t\t\tEl Museo de la Miniatura, ubicado en Ordino, es un fascinante espacio para los amantes del arte y los detalles minuciosos. Alberga una colecci\u00f3n \u00fanica creada por Nicolai Siadristy, reconocido artista ucraniano considerado uno de los mejores en su especialidad. Este museo se encuentra en el Edificio Maragda, en la calle Moss\u00e8n Cinto Verdaguer, y destaca por la diversidad y precisi\u00f3n de sus obras, que cautivan a todos los visitantes.\t\t\t\t\t\t<\/div>\n\t\t\t\t\t\n\t\t\t\t\t\t\t\t<\/div>\n\t\t<\/div>\n\t\t<\/div>\n\t\t<\/div>\n\t\t\t\t\t\t<\/div>\n\t\t\t\t<\/div>\n\t\t\t\t<div class=\"elementor-element elementor-element-af5c75e elementor-flip-box--effect-fade elementor-widget elementor-widget-flip-box\" data-id=\"af5c75e\" data-element_type=\"widget\" data-e-type=\"widget\" data-widget_type=\"flip-box.default\">\n\t\t\t\t<div class=\"elementor-widget-container\">\n\t\t\t\t\t\t\t<div class=\"elementor-flip-box\" tabindex=\"0\">\n\t\t\t<div class=\"elementor-flip-box__layer elementor-flip-box__front\">\n\t\t\t\t<div class=\"elementor-flip-box__layer__overlay\">\n\t\t\t\t\t<div class=\"elementor-flip-box__layer__inner\">\n\t\t\t\t\t\t\n\t\t\t\t\t\t\t\t\t\t\t\t\t<h3 class=\"elementor-flip-box__layer__title\">\n\t\t\t\t\t\t\t\tMirador del Roc del Quer\t\t\t\t\t\t\t<\/h3>\n\t\t\t\t\t\t\n\t\t\t\t\t\t\t\t\t\t\t<\/div>\n\t\t\t\t<\/div>\n\t\t\t<\/div>\n\t\t\t<div class=\"elementor-flip-box__layer elementor-flip-box__back\">\n\t\t\t<div class=\"elementor-flip-box__layer__overlay\">\n\t\t\t\t<div class=\"elementor-flip-box__layer__inner\">\n\t\t\t\t\t\n\t\t\t\t\t\t\t\t\t\t\t<div class=\"elementor-flip-box__layer__description\">\n\t\t\t\t\t\t\tEl Mirador Roc del Quer, en Canillo, ofrece una experiencia inolvidable con vistas panor\u00e1micas \u00fanicas y la sensaci\u00f3n de estar suspendido entre monta\u00f1as. Recientemente inaugurado, se ha convertido en un icono de Andorra, perfecto para admirar la majestuosidad de los Pirineos.\t\t\t\t\t\t<\/div>\n\t\t\t\t\t\n\t\t\t\t\t\t\t\t<\/div>\n\t\t<\/div>\n\t\t<\/div>\n\t\t<\/div>\n\t\t\t\t\t\t<\/div>\n\t\t\t\t<\/div>\n\t\t\t\t<div class=\"elementor-element elementor-element-94351b0 elementor-flip-box--effect-fade elementor-widget elementor-widget-flip-box\" data-id=\"94351b0\" data-element_type=\"widget\" data-e-type=\"widget\" data-widget_type=\"flip-box.default\">\n\t\t\t\t<div class=\"elementor-widget-container\">\n\t\t\t\t\t\t\t<div class=\"elementor-flip-box\" tabindex=\"0\">\n\t\t\t<div class=\"elementor-flip-box__layer elementor-flip-box__front\">\n\t\t\t\t<div class=\"elementor-flip-box__layer__overlay\">\n\t\t\t\t\t<div class=\"elementor-flip-box__layer__inner\">\n\t\t\t\t\t\t\n\t\t\t\t\t\t\t\t\t\t\t\t\t<h3 class=\"elementor-flip-box__layer__title\">\n\t\t\t\t\t\t\t\tLa Casa d\u2019Areny-Plandolit\t\t\t\t\t\t\t<\/h3>\n\t\t\t\t\t\t\n\t\t\t\t\t\t\t\t\t\t\t<\/div>\n\t\t\t\t<\/div>\n\t\t\t<\/div>\n\t\t\t<div class=\"elementor-flip-box__layer elementor-flip-box__back\">\n\t\t\t<div class=\"elementor-flip-box__layer__overlay\">\n\t\t\t\t<div class=\"elementor-flip-box__layer__inner\">\n\t\t\t\t\t\n\t\t\t\t\t\t\t\t\t\t\t<div class=\"elementor-flip-box__layer__description\">\n\t\t\t\t\t\t\tLa Casa d\u2019Areny-Plandolit, ubicada en el coraz\u00f3n de Ordino, es la \u00fanica casa se\u00f1orial preservada en Andorra. Pertenece a la ilustre familia de Guillem d\u2019Areny-Plandolit, destacada por su legado hist\u00f3rico y su papel en la industria del hierro. Ofrece visitas guiadas de 1 hora con reserva previa obligatoria. \u00daltima entrada: 45 minutos antes del cierre.\t\t\t\t\t\t<\/div>\n\t\t\t\t\t\n\t\t\t\t\t\t\t\t<\/div>\n\t\t<\/div>\n\t\t<\/div>\n\t\t<\/div>\n\t\t\t\t\t\t<\/div>\n\t\t\t\t<\/div>\n\t\t\t\t\t<\/div>\n\t\t\t\t<\/div>\n\t\t\t\t<\/div>\n\t\t","protected":false},"excerpt":{"rendered":"<p>Nuestro maravilloso entorno Hotel Santa B\u00e1rbara Andorra, un peque\u00f1o para\u00edso enclavado en los Pirineos, combina impresionantes paisajes monta\u00f1osos con una rica oferta cultural y de ocio. Este destino \u00fanico es conocido por sus majestuosos valles, r\u00edos cristalinos y estaciones de esqu\u00ed de renombre mundial. En la parroquia de Ordino, podr\u00e1s descubrir pintorescos pueblos como Ansalonga, [&hellip;]<\/p>\n","protected":false},"author":1,"featured_media":0,"parent":0,"menu_order":0,"comment_status":"closed","ping_status":"closed","template":"elementor_header_footer","meta":{"editor_notices":[],"footnotes":""},"class_list":["post-95","page","type-page","status-publish","hentry"],"yoast_head":"<!-- This site is optimized with the Yoast SEO plugin v27.4 - https:\/\/yoast.com\/product\/yoast-seo-wordpress\/ -->\n<title>Les environs de l&#039;h\u00f4tel Santa B\u00e1rbara - Hotel Santa B\u00e1rbara<\/title>\n<meta name=\"description\" content=\"Descubre nuestro maravilloso entorno del Hotel Santa B\u00e1rbara en la Vall d&#039;Ordino en Andorra, un lugar rodeado de naturaleza y encanto.\" \/>\n<meta name=\"robots\" content=\"index, follow, max-snippet:-1, max-image-preview:large, max-video-preview:-1\" \/>\n<link rel=\"canonical\" href=\"https:\/\/hotelstabarbara.com\/fr\/entorno-hotel-santa-barbara\/\" \/>\n<meta property=\"og:locale\" content=\"es_ES\" \/>\n<meta property=\"og:type\" content=\"article\" \/>\n<meta property=\"og:title\" content=\"Les environs de l&#039;h\u00f4tel Santa B\u00e1rbara - Hotel Santa B\u00e1rbara\" \/>\n<meta property=\"og:description\" content=\"Descubre nuestro maravilloso entorno del Hotel Santa B\u00e1rbara en la Vall d&#039;Ordino en Andorra, un lugar rodeado de naturaleza y encanto.\" \/>\n<meta property=\"og:url\" content=\"https:\/\/hotelstabarbara.com\/fr\/entorno-hotel-santa-barbara\/\" \/>\n<meta property=\"og:site_name\" content=\"Hotel Santa B\u00e1rbara\" \/>\n<meta property=\"article:modified_time\" content=\"2026-04-25T19:27:29+00:00\" \/>\n<meta name=\"twitter:card\" content=\"summary_large_image\" \/>\n<meta name=\"twitter:label1\" content=\"Tiempo de lectura\" \/>\n\t<meta name=\"twitter:data1\" content=\"2 minutos\" \/>\n<script type=\"application\/ld+json\" class=\"yoast-schema-graph\">{\"@context\":\"https:\\\/\\\/schema.org\",\"@graph\":[{\"@type\":\"WebPage\",\"@id\":\"https:\\\/\\\/hotelstabarbara.com\\\/fr\\\/entorno-hotel-santa-barbara\\\/\",\"url\":\"https:\\\/\\\/hotelstabarbara.com\\\/fr\\\/entorno-hotel-santa-barbara\\\/\",\"name\":\"Les environs de l'h\u00f4tel Santa B\u00e1rbara - Hotel Santa B\u00e1rbara\",\"isPartOf\":{\"@id\":\"https:\\\/\\\/hotelstabarbara.com\\\/fr\\\/#website\"},\"datePublished\":\"2024-07-17T12:26:28+00:00\",\"dateModified\":\"2026-04-25T19:27:29+00:00\",\"description\":\"Descubre nuestro maravilloso entorno del Hotel Santa B\u00e1rbara en la Vall d'Ordino en Andorra, un lugar rodeado de naturaleza y encanto.\",\"breadcrumb\":{\"@id\":\"https:\\\/\\\/hotelstabarbara.com\\\/fr\\\/entorno-hotel-santa-barbara\\\/#breadcrumb\"},\"inLanguage\":\"es\",\"potentialAction\":[{\"@type\":\"ReadAction\",\"target\":[\"https:\\\/\\\/hotelstabarbara.com\\\/fr\\\/entorno-hotel-santa-barbara\\\/\"]}]},{\"@type\":\"BreadcrumbList\",\"@id\":\"https:\\\/\\\/hotelstabarbara.com\\\/fr\\\/entorno-hotel-santa-barbara\\\/#breadcrumb\",\"itemListElement\":[{\"@type\":\"ListItem\",\"position\":1,\"name\":\"Portada\",\"item\":\"https:\\\/\\\/hotelstabarbara.com\\\/fr\\\/\"},{\"@type\":\"ListItem\",\"position\":2,\"name\":\"Les environs de l&#8217;h\u00f4tel Santa B\u00e1rbara\"}]},{\"@type\":\"WebSite\",\"@id\":\"https:\\\/\\\/hotelstabarbara.com\\\/fr\\\/#website\",\"url\":\"https:\\\/\\\/hotelstabarbara.com\\\/fr\\\/\",\"name\":\"Hotel Santa B\u00e1rbara\",\"description\":\"H\u00f4tel de montagne en Andorre\",\"publisher\":{\"@id\":\"https:\\\/\\\/hotelstabarbara.com\\\/fr\\\/#organization\"},\"potentialAction\":[{\"@type\":\"SearchAction\",\"target\":{\"@type\":\"EntryPoint\",\"urlTemplate\":\"https:\\\/\\\/hotelstabarbara.com\\\/fr\\\/?s={search_term_string}\"},\"query-input\":{\"@type\":\"PropertyValueSpecification\",\"valueRequired\":true,\"valueName\":\"search_term_string\"}}],\"inLanguage\":\"es\"},{\"@type\":\"Organization\",\"@id\":\"https:\\\/\\\/hotelstabarbara.com\\\/fr\\\/#organization\",\"name\":\"Hotel Santa B\u00e1rbara\",\"url\":\"https:\\\/\\\/hotelstabarbara.com\\\/fr\\\/\",\"logo\":{\"@type\":\"ImageObject\",\"inLanguage\":\"es\",\"@id\":\"https:\\\/\\\/hotelstabarbara.com\\\/fr\\\/#\\\/schema\\\/logo\\\/image\\\/\",\"url\":\"https:\\\/\\\/hotelstabarbara.com\\\/fr\\\/wp-content\\\/uploads\\\/sites\\\/3\\\/Logo-Hotel-Santa-Barbara.webp\",\"contentUrl\":\"https:\\\/\\\/hotelstabarbara.com\\\/fr\\\/wp-content\\\/uploads\\\/sites\\\/3\\\/Logo-Hotel-Santa-Barbara.webp\",\"width\":350,\"height\":387,\"caption\":\"Hotel Santa B\u00e1rbara\"},\"image\":{\"@id\":\"https:\\\/\\\/hotelstabarbara.com\\\/fr\\\/#\\\/schema\\\/logo\\\/image\\\/\"}}]}<\/script>\n<!-- \/ Yoast SEO plugin. -->","yoast_head_json":{"title":"Les environs de l'h\u00f4tel Santa B\u00e1rbara - Hotel Santa B\u00e1rbara","description":"Descubre nuestro maravilloso entorno del Hotel Santa B\u00e1rbara en la Vall d'Ordino en Andorra, un lugar rodeado de naturaleza y encanto.","robots":{"index":"index","follow":"follow","max-snippet":"max-snippet:-1","max-image-preview":"max-image-preview:large","max-video-preview":"max-video-preview:-1"},"canonical":"https:\/\/hotelstabarbara.com\/fr\/entorno-hotel-santa-barbara\/","og_locale":"es_ES","og_type":"article","og_title":"Les environs de l'h\u00f4tel Santa B\u00e1rbara - Hotel Santa B\u00e1rbara","og_description":"Descubre nuestro maravilloso entorno del Hotel Santa B\u00e1rbara en la Vall d'Ordino en Andorra, un lugar rodeado de naturaleza y encanto.","og_url":"https:\/\/hotelstabarbara.com\/fr\/entorno-hotel-santa-barbara\/","og_site_name":"Hotel Santa B\u00e1rbara","article_modified_time":"2026-04-25T19:27:29+00:00","twitter_card":"summary_large_image","twitter_misc":{"Tiempo de lectura":"2 minutos"},"schema":{"@context":"https:\/\/schema.org","@graph":[{"@type":"WebPage","@id":"https:\/\/hotelstabarbara.com\/fr\/entorno-hotel-santa-barbara\/","url":"https:\/\/hotelstabarbara.com\/fr\/entorno-hotel-santa-barbara\/","name":"Les environs de l'h\u00f4tel Santa B\u00e1rbara - Hotel Santa B\u00e1rbara","isPartOf":{"@id":"https:\/\/hotelstabarbara.com\/fr\/#website"},"datePublished":"2024-07-17T12:26:28+00:00","dateModified":"2026-04-25T19:27:29+00:00","description":"Descubre nuestro maravilloso entorno del Hotel Santa B\u00e1rbara en la Vall d'Ordino en Andorra, un lugar rodeado de naturaleza y encanto.","breadcrumb":{"@id":"https:\/\/hotelstabarbara.com\/fr\/entorno-hotel-santa-barbara\/#breadcrumb"},"inLanguage":"es","potentialAction":[{"@type":"ReadAction","target":["https:\/\/hotelstabarbara.com\/fr\/entorno-hotel-santa-barbara\/"]}]},{"@type":"BreadcrumbList","@id":"https:\/\/hotelstabarbara.com\/fr\/entorno-hotel-santa-barbara\/#breadcrumb","itemListElement":[{"@type":"ListItem","position":1,"name":"Portada","item":"https:\/\/hotelstabarbara.com\/fr\/"},{"@type":"ListItem","position":2,"name":"Les environs de l&#8217;h\u00f4tel Santa B\u00e1rbara"}]},{"@type":"WebSite","@id":"https:\/\/hotelstabarbara.com\/fr\/#website","url":"https:\/\/hotelstabarbara.com\/fr\/","name":"Hotel Santa B\u00e1rbara","description":"H\u00f4tel de montagne en Andorre","publisher":{"@id":"https:\/\/hotelstabarbara.com\/fr\/#organization"},"potentialAction":[{"@type":"SearchAction","target":{"@type":"EntryPoint","urlTemplate":"https:\/\/hotelstabarbara.com\/fr\/?s={search_term_string}"},"query-input":{"@type":"PropertyValueSpecification","valueRequired":true,"valueName":"search_term_string"}}],"inLanguage":"es"},{"@type":"Organization","@id":"https:\/\/hotelstabarbara.com\/fr\/#organization","name":"Hotel Santa B\u00e1rbara","url":"https:\/\/hotelstabarbara.com\/fr\/","logo":{"@type":"ImageObject","inLanguage":"es","@id":"https:\/\/hotelstabarbara.com\/fr\/#\/schema\/logo\/image\/","url":"https:\/\/hotelstabarbara.com\/fr\/wp-content\/uploads\/sites\/3\/Logo-Hotel-Santa-Barbara.webp","contentUrl":"https:\/\/hotelstabarbara.com\/fr\/wp-content\/uploads\/sites\/3\/Logo-Hotel-Santa-Barbara.webp","width":350,"height":387,"caption":"Hotel Santa B\u00e1rbara"},"image":{"@id":"https:\/\/hotelstabarbara.com\/fr\/#\/schema\/logo\/image\/"}}]}},"_links":{"self":[{"href":"https:\/\/hotelstabarbara.com\/fr\/wp-json\/wp\/v2\/pages\/95","targetHints":{"allow":["GET"]}}],"collection":[{"href":"https:\/\/hotelstabarbara.com\/fr\/wp-json\/wp\/v2\/pages"}],"about":[{"href":"https:\/\/hotelstabarbara.com\/fr\/wp-json\/wp\/v2\/types\/page"}],"author":[{"embeddable":true,"href":"https:\/\/hotelstabarbara.com\/fr\/wp-json\/wp\/v2\/users\/1"}],"replies":[{"embeddable":true,"href":"https:\/\/hotelstabarbara.com\/fr\/wp-json\/wp\/v2\/comments?post=95"}],"version-history":[{"count":81,"href":"https:\/\/hotelstabarbara.com\/fr\/wp-json\/wp\/v2\/pages\/95\/revisions"}],"predecessor-version":[{"id":1498,"href":"https:\/\/hotelstabarbara.com\/fr\/wp-json\/wp\/v2\/pages\/95\/revisions\/1498"}],"wp:attachment":[{"href":"https:\/\/hotelstabarbara.com\/fr\/wp-json\/wp\/v2\/media?parent=95"}],"curies":[{"name":"wp","href":"https:\/\/api.w.org\/{rel}","templated":true}]}}